{"id":5221,"date":"2021-04-08T14:43:43","date_gmt":"2021-04-08T17:43:43","guid":{"rendered":"https:\/\/ciclovida.ufpr.br\/?page_id=5221"},"modified":"2021-04-09T13:42:46","modified_gmt":"2021-04-09T16:42:46","slug":"noticias","status":"publish","type":"page","link":"https:\/\/ciclovida.ufpr.br\/?page_id=5221","title":{"rendered":"Not\u00edcias"},"content":{"rendered":"\n<div id=\"section-g50c4a6\" class=\"wp-block-gutentor-e1 section-g50c4a6 gutentor-element gutentor-element-advanced-text\"><div class=\"gutentor-text-wrap\"><h1 class=\"gutentor-text\">Not\u00edcias<\/h1><\/div><\/div>\n\n\n\n<div class=\"wp-block-uagb-wp-search uagb-wp-search__outer-wrap uagb-block-dd2f0aaa uagb-layout-input\"><form class=\"uagb-search-wrapper\" role=\"search\" action=\"https:\/\/ciclovida.ufpr.br\" method=\"get\"><div class=\"uagb-search-form__container\" role=\"tablist\"><span class=\"uagb-wp-search-icon-wrap\"><svg xmlns=\"http:\/\/www.w3.org\/2000\/svg\" viewbox=\"0 0 512 512\"><path d=\"M505 442.7L405.3 343c-4.5-4.5-10.6-7-17-7H372c27.6-35.3 44-79.7 44-128C416 93.1 322.9 0 208 0S0 93.1 0 208s93.1 208 208 208c48.3 0 92.7-16.4 128-44v16.3c0 6.4 2.5 12.5 7 17l99.7 99.7c9.4 9.4 24.6 9.4 33.9 0l28.3-28.3c9.4-9.4 9.4-24.6.1-34zM208 336c-70.7 0-128-57.2-128-128 0-70.7 57.2-128 128-128 70.7 0 128 57.2 128 128 0 70.7-57.2 128-128 128z\"><\/path><\/svg><\/span><input placeholder=\"\" class=\"uagb-search-form__input\" type=\"search\" name=\"s\" title=\"Search\"\/><\/div><\/form><\/div>\n\n\n\n<div id=\"section-gcd3be4\" class=\"wp-block-gutentor-e0 section-gcd3be4 gutentor-element gutentor-element-advanced-text\"><div class=\"gutentor-text-wrap\"><p class=\"gutentor-text\"><\/p><\/div><\/div>\n\n\n<p class=\"wp-block-tag-cloud\"><a href=\"https:\/\/ciclovida.ufpr.br\/?tag=associacao-dos-ciclistas-do-alto-iguacu\" class=\"tag-cloud-link tag-link-10 tag-link-position-1\" style=\"font-size: 8pt;\" aria-label=\"ASSOCIA\u00c7\u00c3O DOS CICLISTAS DO ALTO IGUA\u00c7U (1 item)\">ASSOCIA\u00c7\u00c3O DOS CICLISTAS DO ALTO IGUA\u00c7U<\/a>\n<a href=\"https:\/\/ciclovida.ufpr.br\/?tag=biblioteca\" class=\"tag-cloud-link tag-link-27 tag-link-position-2\" style=\"font-size: 8pt;\" aria-label=\"biblioteca (1 item)\">biblioteca<\/a>\n<a href=\"https:\/\/ciclovida.ufpr.br\/?tag=bicicletada\" class=\"tag-cloud-link tag-link-11 tag-link-position-3\" style=\"font-size: 8pt;\" aria-label=\"BICICLETADA (1 item)\">BICICLETADA<\/a>\n<a href=\"https:\/\/ciclovida.ufpr.br\/?tag=canguiri\" class=\"tag-cloud-link tag-link-21 tag-link-position-4\" style=\"font-size: 8pt;\" aria-label=\"canguiri (1 item)\">canguiri<\/a>\n<a href=\"https:\/\/ciclovida.ufpr.br\/?tag=cicloturismo\" class=\"tag-cloud-link tag-link-18 tag-link-position-5\" style=\"font-size: 22pt;\" aria-label=\"cicloturismo (2 itens)\">cicloturismo<\/a>\n<a href=\"https:\/\/ciclovida.ufpr.br\/?tag=ciclovida\" class=\"tag-cloud-link tag-link-12 tag-link-position-6\" style=\"font-size: 22pt;\" aria-label=\"CICLOVIDA (2 itens)\">CICLOVIDA<\/a>\n<a href=\"https:\/\/ciclovida.ufpr.br\/?tag=desafio-intermodal\" class=\"tag-cloud-link tag-link-28 tag-link-position-7\" style=\"font-size: 8pt;\" aria-label=\"desafio intermodal (1 item)\">desafio intermodal<\/a>\n<a href=\"https:\/\/ciclovida.ufpr.br\/?tag=eventos\" class=\"tag-cloud-link tag-link-32 tag-link-position-8\" style=\"font-size: 22pt;\" aria-label=\"eventos (2 itens)\">eventos<\/a>\n<a href=\"https:\/\/ciclovida.ufpr.br\/?tag=fazenda\" class=\"tag-cloud-link tag-link-22 tag-link-position-9\" style=\"font-size: 8pt;\" aria-label=\"fazenda (1 item)\">fazenda<\/a>\n<a href=\"https:\/\/ciclovida.ufpr.br\/?tag=irai\" class=\"tag-cloud-link tag-link-20 tag-link-position-10\" style=\"font-size: 8pt;\" aria-label=\"irai (1 item)\">irai<\/a>\n<a href=\"https:\/\/ciclovida.ufpr.br\/?tag=represa\" class=\"tag-cloud-link tag-link-19 tag-link-position-11\" style=\"font-size: 8pt;\" aria-label=\"represa (1 item)\">represa<\/a>\n<a href=\"https:\/\/ciclovida.ufpr.br\/?tag=ufpr\" class=\"tag-cloud-link tag-link-23 tag-link-position-12\" style=\"font-size: 8pt;\" aria-label=\"ufpr (1 item)\">ufpr<\/a><\/p>\n\n<section class=\"gutentor-post-module section-94144d98-0f1d-4732-b149-a48d0f7abad7 gutentor-post-module-p1 gutentor_p1_template2 wp-block-gutentor-p1 gutentor-blog-grid\" id=\"94144d98-0f1d-4732-b149-a48d0f7abad7\" data-gbid=\"94144d98-0f1d-4732-b149-a48d0f7abad7\" >\n<div class='grid-container'><div class='grid-row' ><article class='gutentor-post  grid-md-4 grid-sm-4 grid-xs-12'><div class='gutentor-post-item'><div class='gutentor-post-image-box'><a class=\"gutentor-post-image-link \" href=\"https:\/\/ciclovida.ufpr.br\/?p=5293\"  rel=&quot;noopener noreferrer&quot;><div class=\"gutentor-image-thumb\"><img loading=\"lazy\" decoding=\"async\" width=\"580\" height=\"580\" src=\"https:\/\/ciclovida.ufpr.br\/wp-content\/uploads\/2021\/04\/MicrosoftTeams-image-768x768.png\" class=\"attachment-medium_large size-medium_large wp-post-image\" alt=\"\" srcset=\"https:\/\/ciclovida.ufpr.br\/wp-content\/uploads\/2021\/04\/MicrosoftTeams-image-768x768.png 768w, https:\/\/ciclovida.ufpr.br\/wp-content\/uploads\/2021\/04\/MicrosoftTeams-image-300x300.png 300w, https:\/\/ciclovida.ufpr.br\/wp-content\/uploads\/2021\/04\/MicrosoftTeams-image-1024x1024.png 1024w, https:\/\/ciclovida.ufpr.br\/wp-content\/uploads\/2021\/04\/MicrosoftTeams-image-100x100.png 100w, https:\/\/ciclovida.ufpr.br\/wp-content\/uploads\/2021\/04\/MicrosoftTeams-image-1536x1536.png 1536w, https:\/\/ciclovida.ufpr.br\/wp-content\/uploads\/2021\/04\/MicrosoftTeams-image-2048x2048.png 2048w, https:\/\/ciclovida.ufpr.br\/wp-content\/uploads\/2021\/04\/MicrosoftTeams-image-1200x1200.png 1200w, https:\/\/ciclovida.ufpr.br\/wp-content\/uploads\/2021\/04\/MicrosoftTeams-image-1980x1980.png 1980w, https:\/\/ciclovida.ufpr.br\/wp-content\/uploads\/2021\/04\/MicrosoftTeams-image-e1617912727587.png 200w\" sizes=\"auto, (max-width: 580px) 100vw, 580px\" \/><\/div><\/a><div class=\"gutentor-entry-meta gutentor-entry-meta-primary\"><div class=\"author vcard\"><i class=\"far fa-user\"><\/i><a href=\"https:\/\/ciclovida.ufpr.br\/?p=5293\" rel=\"bookmark\">Let\u00edcia Paiva<\/a><\/div><div class=\"posted-on\"><i class=\"far fa-calendar-alt\"><\/i><a href=\"https:\/\/ciclovida.ufpr.br\/?p=5293\" rel=\"bookmark\">8 de abril de 2021<\/a><\/div><div class=\"gutentor-meta-categories\"><i class=\"fas fa-tags\"><\/i><a href=\"https:\/\/ciclovida.ufpr.br\/?cat=1\" rel=\"category\">Not\u00edcias<\/a><\/div><div class=\"gutentor-meta-categories\"><i class=\"fas fa-tags\"><\/i><a href=\"https:\/\/ciclovida.ufpr.br\/?tag=eventos\" rel=\"tag\">eventos<\/a><\/div><\/div><\/div><div class=\"gutentor-post-content\"><h3 class=\"gutentor-post-title\"><a href=\"https:\/\/ciclovida.ufpr.br\/?p=5293\" rel=\"bookmark\">CoolabBici abre inscri\u00e7\u00f5es para empr\u00e9stimos de bikes<\/a><\/h3><a class=\"gutentor-button gutentor-post-button\"  href=\"https:\/\/ciclovida.ufpr.br\/?p=5293\" href=\"https:\/\/ciclovida.ufpr.br\/?p=5293\"><span>Leia mais<\/span><\/a><\/div><\/div><\/article><article class='gutentor-post  grid-md-4 grid-sm-4 grid-xs-12'><div class='gutentor-post-item'><div class='gutentor-post-image-box'><a class=\"gutentor-post-image-link \" href=\"https:\/\/ciclovida.ufpr.br\/?p=4344\"  rel=&quot;noopener noreferrer&quot;><div class=\"gutentor-image-thumb\"><img loading=\"lazy\" decoding=\"async\" width=\"580\" height=\"341\" src=\"https:\/\/ciclovida.ufpr.br\/wp-content\/uploads\/2019\/06\/0001-1024x601-1-768x451.jpg\" class=\"attachment-medium_large size-medium_large wp-post-image\" alt=\"\" srcset=\"https:\/\/ciclovida.ufpr.br\/wp-content\/uploads\/2019\/06\/0001-1024x601-1-768x451.jpg 768w, https:\/\/ciclovida.ufpr.br\/wp-content\/uploads\/2019\/06\/0001-1024x601-1-300x176.jpg 300w, https:\/\/ciclovida.ufpr.br\/wp-content\/uploads\/2019\/06\/0001-1024x601-1.jpg 1024w\" sizes=\"auto, (max-width: 580px) 100vw, 580px\" \/><\/div><\/a><div class=\"gutentor-entry-meta gutentor-entry-meta-primary\"><div class=\"author vcard\"><i class=\"far fa-user\"><\/i><a href=\"https:\/\/ciclovida.ufpr.br\/?p=4344\" rel=\"bookmark\">Gheysa Prado<\/a><\/div><div class=\"posted-on\"><i class=\"far fa-calendar-alt\"><\/i><a href=\"https:\/\/ciclovida.ufpr.br\/?p=4344\" rel=\"bookmark\">5 de junho de 2019<\/a><\/div><div class=\"gutentor-meta-categories\"><i class=\"fas fa-tags\"><\/i><a href=\"https:\/\/ciclovida.ufpr.br\/?cat=1\" rel=\"category\">Not\u00edcias<\/a><\/div><div class=\"gutentor-meta-categories\"><i class=\"fas fa-tags\"><\/i><a href=\"https:\/\/ciclovida.ufpr.br\/?tag=cicloturismo\" rel=\"tag\">cicloturismo<\/a>, <a href=\"https:\/\/ciclovida.ufpr.br\/?tag=eventos\" rel=\"tag\">eventos<\/a><\/div><\/div><\/div><div class=\"gutentor-post-content\"><h3 class=\"gutentor-post-title\"><a href=\"https:\/\/ciclovida.ufpr.br\/?p=4344\" rel=\"bookmark\">1\u00ba Passeio Cicloturismo 2019 &#8211; Fazenda do Canguiri e Represa do Ira\u00ed<\/a><\/h3><a class=\"gutentor-button gutentor-post-button\"  href=\"https:\/\/ciclovida.ufpr.br\/?p=4344\" href=\"https:\/\/ciclovida.ufpr.br\/?p=4344\"><span>Leia mais<\/span><\/a><\/div><\/div><\/article><article class='gutentor-post  grid-md-4 grid-sm-4 grid-xs-12'><div class='gutentor-post-item'><div class='gutentor-post-image-box'><a class=\"gutentor-post-image-link \" href=\"https:\/\/ciclovida.ufpr.br\/?p=4341\"  rel=&quot;noopener noreferrer&quot;><div class=\"gutentor-image-thumb\"><img loading=\"lazy\" decoding=\"async\" width=\"580\" height=\"341\" src=\"https:\/\/ciclovida.ufpr.br\/wp-content\/uploads\/2019\/06\/calendario_cicloturismo_2019-Geral-1024x601-1-768x451.png\" class=\"attachment-medium_large size-medium_large wp-post-image\" alt=\"\" srcset=\"https:\/\/ciclovida.ufpr.br\/wp-content\/uploads\/2019\/06\/calendario_cicloturismo_2019-Geral-1024x601-1-768x451.png 768w, https:\/\/ciclovida.ufpr.br\/wp-content\/uploads\/2019\/06\/calendario_cicloturismo_2019-Geral-1024x601-1-300x176.png 300w, https:\/\/ciclovida.ufpr.br\/wp-content\/uploads\/2019\/06\/calendario_cicloturismo_2019-Geral-1024x601-1.png 1024w\" sizes=\"auto, (max-width: 580px) 100vw, 580px\" \/><\/div><\/a><div class=\"gutentor-entry-meta gutentor-entry-meta-primary\"><div class=\"author vcard\"><i class=\"far fa-user\"><\/i><a href=\"https:\/\/ciclovida.ufpr.br\/?p=4341\" rel=\"bookmark\">Gheysa Prado<\/a><\/div><div class=\"posted-on\"><i class=\"far fa-calendar-alt\"><\/i><a href=\"https:\/\/ciclovida.ufpr.br\/?p=4341\" rel=\"bookmark\">5 de junho de 2019<\/a><\/div><div class=\"gutentor-meta-categories\"><i class=\"fas fa-tags\"><\/i><a href=\"https:\/\/ciclovida.ufpr.br\/?cat=6\" rel=\"category\">Eventos<\/a>, <a href=\"https:\/\/ciclovida.ufpr.br\/?cat=1\" rel=\"category\">Not\u00edcias<\/a><\/div><div class=\"comments-link\"><i class=\"fas fa-comment\"><\/i>3<\/div><\/div><\/div><div class=\"gutentor-post-content\"><h3 class=\"gutentor-post-title\"><a href=\"https:\/\/ciclovida.ufpr.br\/?p=4341\" rel=\"bookmark\">Calend\u00e1rio de Cicloturismo 2019<\/a><\/h3><a class=\"gutentor-button gutentor-post-button\"  href=\"https:\/\/ciclovida.ufpr.br\/?p=4341\" href=\"https:\/\/ciclovida.ufpr.br\/?p=4341\"><span>Leia mais<\/span><\/a><\/div><\/div><\/article><article class='gutentor-post  grid-md-4 grid-sm-4 grid-xs-12'><div class='gutentor-post-item'><div class='gutentor-post-image-box'><a class=\"gutentor-post-image-link \" href=\"https:\/\/ciclovida.ufpr.br\/?p=4348\"  rel=&quot;noopener noreferrer&quot;><div class=\"gutentor-image-thumb\"><img loading=\"lazy\" decoding=\"async\" width=\"300\" height=\"274\" src=\"https:\/\/ciclovida.ufpr.br\/wp-content\/uploads\/2019\/06\/CICLOMOBILIDADE-300x274-1.jpg\" class=\"attachment-medium_large size-medium_large wp-post-image\" alt=\"\" \/><\/div><\/a><div class=\"gutentor-entry-meta gutentor-entry-meta-primary\"><div class=\"author vcard\"><i class=\"far fa-user\"><\/i><a href=\"https:\/\/ciclovida.ufpr.br\/?p=4348\" rel=\"bookmark\">Gheysa Prado<\/a><\/div><div class=\"posted-on\"><i class=\"far fa-calendar-alt\"><\/i><a href=\"https:\/\/ciclovida.ufpr.br\/?p=4348\" rel=\"bookmark\">1 de junho de 2019<\/a><\/div><div class=\"gutentor-meta-categories\"><i class=\"fas fa-tags\"><\/i><a href=\"https:\/\/ciclovida.ufpr.br\/?cat=6\" rel=\"category\">Eventos<\/a>, <a href=\"https:\/\/ciclovida.ufpr.br\/?cat=1\" rel=\"category\">Not\u00edcias<\/a><\/div><\/div><\/div><div class=\"gutentor-post-content\"><h3 class=\"gutentor-post-title\"><a href=\"https:\/\/ciclovida.ufpr.br\/?p=4348\" rel=\"bookmark\">Lan\u00e7amento do livro &#8220;Diretrizes para elabora\u00e7\u00e3o de pol\u00edtica p\u00fablica de ciclomobilidade: experi\u00eancias do Programa Ciclovida da UFPR.<\/a><\/h3><a class=\"gutentor-button gutentor-post-button\"  href=\"https:\/\/ciclovida.ufpr.br\/?p=4348\" href=\"https:\/\/ciclovida.ufpr.br\/?p=4348\"><span>Leia mais<\/span><\/a><\/div><\/div><\/article><article class='gutentor-post  grid-md-4 grid-sm-4 grid-xs-12'><div class='gutentor-post-item'><div class='gutentor-post-image-box'><a class=\"gutentor-post-image-link \" href=\"https:\/\/ciclovida.ufpr.br\/?p=4312\"  rel=&quot;noopener noreferrer&quot;><div class=\"gutentor-image-thumb\"><img loading=\"lazy\" decoding=\"async\" width=\"580\" height=\"368\" src=\"https:\/\/ciclovida.ufpr.br\/wp-content\/uploads\/2018\/11\/Programacao.png\" class=\"attachment-medium_large size-medium_large wp-post-image\" alt=\"\" srcset=\"https:\/\/ciclovida.ufpr.br\/wp-content\/uploads\/2018\/11\/Programacao.png 720w, https:\/\/ciclovida.ufpr.br\/wp-content\/uploads\/2018\/11\/Programacao-300x190.png 300w\" sizes=\"auto, (max-width: 580px) 100vw, 580px\" \/><\/div><\/a><div class=\"gutentor-entry-meta gutentor-entry-meta-primary\"><div class=\"author vcard\"><i class=\"far fa-user\"><\/i><a href=\"https:\/\/ciclovida.ufpr.br\/?p=4312\" rel=\"bookmark\">Andrios Cavichiollo<\/a><\/div><div class=\"posted-on\"><i class=\"far fa-calendar-alt\"><\/i><a href=\"https:\/\/ciclovida.ufpr.br\/?p=4312\" rel=\"bookmark\">20 de novembro de 2018<\/a><\/div><div class=\"gutentor-meta-categories\"><i class=\"fas fa-tags\"><\/i><a href=\"https:\/\/ciclovida.ufpr.br\/?cat=1\" rel=\"category\">Not\u00edcias<\/a><\/div><\/div><\/div><div class=\"gutentor-post-content\"><h3 class=\"gutentor-post-title\"><a href=\"https:\/\/ciclovida.ufpr.br\/?p=4312\" rel=\"bookmark\">Semin\u00e1rio Interno Ciclovida<\/a><\/h3><a class=\"gutentor-button gutentor-post-button\"  href=\"https:\/\/ciclovida.ufpr.br\/?p=4312\" href=\"https:\/\/ciclovida.ufpr.br\/?p=4312\"><span>Leia mais<\/span><\/a><\/div><\/div><\/article><article class='gutentor-post  grid-md-4 grid-sm-4 grid-xs-12'><div class='gutentor-post-item'><div class='gutentor-post-image-box'><a class=\"gutentor-post-image-link \" href=\"https:\/\/ciclovida.ufpr.br\/?p=4308\"  rel=&quot;noopener noreferrer&quot;><div class=\"gutentor-image-thumb\"><img loading=\"lazy\" decoding=\"async\" width=\"580\" height=\"580\" src=\"https:\/\/ciclovida.ufpr.br\/wp-content\/uploads\/2018\/11\/Cartaz-Nascentes-10-11-2018-768x768.png\" class=\"attachment-medium_large size-medium_large wp-post-image\" alt=\"\" srcset=\"https:\/\/ciclovida.ufpr.br\/wp-content\/uploads\/2018\/11\/Cartaz-Nascentes-10-11-2018-768x768.png 768w, https:\/\/ciclovida.ufpr.br\/wp-content\/uploads\/2018\/11\/Cartaz-Nascentes-10-11-2018-300x300.png 300w, https:\/\/ciclovida.ufpr.br\/wp-content\/uploads\/2018\/11\/Cartaz-Nascentes-10-11-2018-1024x1024.png 1024w, https:\/\/ciclovida.ufpr.br\/wp-content\/uploads\/2018\/11\/Cartaz-Nascentes-10-11-2018-100x100.png 100w, https:\/\/ciclovida.ufpr.br\/wp-content\/uploads\/2018\/11\/Cartaz-Nascentes-10-11-2018.png 1200w\" sizes=\"auto, (max-width: 580px) 100vw, 580px\" \/><\/div><\/a><div class=\"gutentor-entry-meta gutentor-entry-meta-primary\"><div class=\"author vcard\"><i class=\"far fa-user\"><\/i><a href=\"https:\/\/ciclovida.ufpr.br\/?p=4308\" rel=\"bookmark\">Andrios Cavichiollo<\/a><\/div><div class=\"posted-on\"><i class=\"far fa-calendar-alt\"><\/i><a href=\"https:\/\/ciclovida.ufpr.br\/?p=4308\" rel=\"bookmark\">1 de novembro de 2018<\/a><\/div><div class=\"gutentor-meta-categories\"><i class=\"fas fa-tags\"><\/i><a href=\"https:\/\/ciclovida.ufpr.br\/?cat=1\" rel=\"category\">Not\u00edcias<\/a><\/div><div class=\"comments-link\"><i class=\"fas fa-comment\"><\/i>2<\/div><\/div><\/div><div class=\"gutentor-post-content\"><h3 class=\"gutentor-post-title\"><a href=\"https:\/\/ciclovida.ufpr.br\/?p=4308\" rel=\"bookmark\">PEDAL CIRCUITO DAS NASCENTES<\/a><\/h3><a class=\"gutentor-button gutentor-post-button\"  href=\"https:\/\/ciclovida.ufpr.br\/?p=4308\" href=\"https:\/\/ciclovida.ufpr.br\/?p=4308\"><span>Leia mais<\/span><\/a><\/div><\/div><\/article><article class='gutentor-post  grid-md-4 grid-sm-4 grid-xs-12'><div class='gutentor-post-item'><div class='gutentor-post-image-box'><a class=\"gutentor-post-image-link \" href=\"https:\/\/ciclovida.ufpr.br\/?p=4303\"  rel=&quot;noopener noreferrer&quot;><div class=\"gutentor-image-thumb\"><img loading=\"lazy\" decoding=\"async\" width=\"580\" height=\"819\" src=\"https:\/\/ciclovida.ufpr.br\/wp-content\/uploads\/2018\/10\/guaraquecaba-1-768x1084.png\" class=\"attachment-medium_large size-medium_large wp-post-image\" alt=\"\" srcset=\"https:\/\/ciclovida.ufpr.br\/wp-content\/uploads\/2018\/10\/guaraquecaba-1-768x1084.png 768w, https:\/\/ciclovida.ufpr.br\/wp-content\/uploads\/2018\/10\/guaraquecaba-1-213x300.png 213w, https:\/\/ciclovida.ufpr.br\/wp-content\/uploads\/2018\/10\/guaraquecaba-1-726x1024.png 726w, https:\/\/ciclovida.ufpr.br\/wp-content\/uploads\/2018\/10\/guaraquecaba-1-1088x1536.png 1088w, https:\/\/ciclovida.ufpr.br\/wp-content\/uploads\/2018\/10\/guaraquecaba-1-1451x2048.png 1451w, https:\/\/ciclovida.ufpr.br\/wp-content\/uploads\/2018\/10\/guaraquecaba-1-1200x1694.png 1200w, https:\/\/ciclovida.ufpr.br\/wp-content\/uploads\/2018\/10\/guaraquecaba-1-1980x2794.png 1980w\" sizes=\"auto, (max-width: 580px) 100vw, 580px\" \/><\/div><\/a><div class=\"gutentor-entry-meta gutentor-entry-meta-primary\"><div class=\"author vcard\"><i class=\"far fa-user\"><\/i><a href=\"https:\/\/ciclovida.ufpr.br\/?p=4303\" rel=\"bookmark\">Andrios Cavichiollo<\/a><\/div><div class=\"posted-on\"><i class=\"far fa-calendar-alt\"><\/i><a href=\"https:\/\/ciclovida.ufpr.br\/?p=4303\" rel=\"bookmark\">8 de outubro de 2018<\/a><\/div><div class=\"gutentor-meta-categories\"><i class=\"fas fa-tags\"><\/i><a href=\"https:\/\/ciclovida.ufpr.br\/?cat=1\" rel=\"category\">Not\u00edcias<\/a><\/div><\/div><\/div><div class=\"gutentor-post-content\"><h3 class=\"gutentor-post-title\"><a href=\"https:\/\/ciclovida.ufpr.br\/?p=4303\" rel=\"bookmark\">PEDALA ANTONINA<\/a><\/h3><a class=\"gutentor-button gutentor-post-button\"  href=\"https:\/\/ciclovida.ufpr.br\/?p=4303\" href=\"https:\/\/ciclovida.ufpr.br\/?p=4303\"><span>Leia mais<\/span><\/a><\/div><\/div><\/article><article class='gutentor-post gutentor-post-no-thumb  grid-md-4 grid-sm-4 grid-xs-12'><div class='gutentor-post-item'><div class=\"gutentor-post-content\"><h3 class=\"gutentor-post-title\"><a href=\"https:\/\/ciclovida.ufpr.br\/?p=4289\" rel=\"bookmark\">2\u00ba CIRCUITO DE MOUNTAIN BIKE DA AC7<\/a><\/h3><a class=\"gutentor-button gutentor-post-button\"  href=\"https:\/\/ciclovida.ufpr.br\/?p=4289\" href=\"https:\/\/ciclovida.ufpr.br\/?p=4289\"><span>Leia mais<\/span><\/a><\/div><\/div><\/article><article class='gutentor-post gutentor-post-no-thumb  grid-md-4 grid-sm-4 grid-xs-12'><div class='gutentor-post-item'><div class=\"gutentor-post-content\"><h3 class=\"gutentor-post-title\"><a href=\"https:\/\/ciclovida.ufpr.br\/?p=4265\" rel=\"bookmark\">CICLOTURISMO NO CAMINHO DO VINHO<\/a><\/h3><a class=\"gutentor-button gutentor-post-button\"  href=\"https:\/\/ciclovida.ufpr.br\/?p=4265\" href=\"https:\/\/ciclovida.ufpr.br\/?p=4265\"><span>Leia mais<\/span><\/a><\/div><\/div><\/article><article class='gutentor-post gutentor-post-no-thumb  grid-md-4 grid-sm-4 grid-xs-12'><div class='gutentor-post-item'><div class=\"gutentor-post-content\"><h3 class=\"gutentor-post-title\"><a href=\"https:\/\/ciclovida.ufpr.br\/?p=4261\" rel=\"bookmark\">Desafio Intermodal de Curitiba 2018<\/a><\/h3><a class=\"gutentor-button gutentor-post-button\"  href=\"https:\/\/ciclovida.ufpr.br\/?p=4261\" href=\"https:\/\/ciclovida.ufpr.br\/?p=4261\"><span>Leia mais<\/span><\/a><\/div><\/div><\/article><article class='gutentor-post gutentor-post-no-thumb  grid-md-4 grid-sm-4 grid-xs-12'><div class='gutentor-post-item'><div class=\"gutentor-post-content\"><h3 class=\"gutentor-post-title\"><a href=\"https:\/\/ciclovida.ufpr.br\/?p=4258\" rel=\"bookmark\">Cicloturismo em S\u00e3o Jos\u00e9 dos Pinhais<\/a><\/h3><a class=\"gutentor-button gutentor-post-button\"  href=\"https:\/\/ciclovida.ufpr.br\/?p=4258\" href=\"https:\/\/ciclovida.ufpr.br\/?p=4258\"><span>Leia mais<\/span><\/a><\/div><\/div><\/article><article class='gutentor-post gutentor-post-no-thumb  grid-md-4 grid-sm-4 grid-xs-12'><div class='gutentor-post-item'><div class=\"gutentor-post-content\"><h3 class=\"gutentor-post-title\"><a href=\"https:\/\/ciclovida.ufpr.br\/?p=4241\" rel=\"bookmark\">Pedala Antonina<\/a><\/h3><a class=\"gutentor-button gutentor-post-button\"  href=\"https:\/\/ciclovida.ufpr.br\/?p=4241\" href=\"https:\/\/ciclovida.ufpr.br\/?p=4241\"><span>Leia mais<\/span><\/a><\/div><\/div><\/article><article class='gutentor-post gutentor-post-no-thumb  grid-md-4 grid-sm-4 grid-xs-12'><div class='gutentor-post-item'><div class=\"gutentor-post-content\"><h3 class=\"gutentor-post-title\"><a href=\"https:\/\/ciclovida.ufpr.br\/?p=4215\" rel=\"bookmark\">Pedala Antonina<\/a><\/h3><a class=\"gutentor-button gutentor-post-button\"  href=\"https:\/\/ciclovida.ufpr.br\/?p=4215\" href=\"https:\/\/ciclovida.ufpr.br\/?p=4215\"><span>Leia mais<\/span><\/a><\/div><\/div><\/article><article class='gutentor-post  grid-md-4 grid-sm-4 grid-xs-12'><div class='gutentor-post-item'><div class='gutentor-post-image-box'><a class=\"gutentor-post-image-link \" href=\"https:\/\/ciclovida.ufpr.br\/?p=4141\"  rel=&quot;noopener noreferrer&quot;><div class=\"gutentor-image-thumb\"><img loading=\"lazy\" decoding=\"async\" width=\"580\" height=\"362\" src=\"https:\/\/ciclovida.ufpr.br\/wp-content\/uploads\/2018\/06\/Cartaz-Datas-1.jpg\" class=\"attachment-medium_large size-medium_large wp-post-image\" alt=\"\" srcset=\"https:\/\/ciclovida.ufpr.br\/wp-content\/uploads\/2018\/06\/Cartaz-Datas-1.jpg 1346w, https:\/\/ciclovida.ufpr.br\/wp-content\/uploads\/2018\/06\/Cartaz-Datas-1-300x187.jpg 300w, https:\/\/ciclovida.ufpr.br\/wp-content\/uploads\/2018\/06\/Cartaz-Datas-1-1024x640.jpg 1024w\" sizes=\"auto, (max-width: 580px) 100vw, 580px\" \/><\/div><\/a><div class=\"gutentor-entry-meta gutentor-entry-meta-primary\"><div class=\"author vcard\"><i class=\"far fa-user\"><\/i><a href=\"https:\/\/ciclovida.ufpr.br\/?p=4141\" rel=\"bookmark\">Andrios Cavichiollo<\/a><\/div><div class=\"posted-on\"><i class=\"far fa-calendar-alt\"><\/i><a href=\"https:\/\/ciclovida.ufpr.br\/?p=4141\" rel=\"bookmark\">19 de junho de 2018<\/a><\/div><div class=\"gutentor-meta-categories\"><i class=\"fas fa-tags\"><\/i><a href=\"https:\/\/ciclovida.ufpr.br\/?cat=6\" rel=\"category\">Eventos<\/a>, <a href=\"https:\/\/ciclovida.ufpr.br\/?cat=1\" rel=\"category\">Not\u00edcias<\/a><\/div><div class=\"comments-link\"><i class=\"fas fa-comment\"><\/i>1<\/div><\/div><\/div><div class=\"gutentor-post-content\"><h3 class=\"gutentor-post-title\"><a href=\"https:\/\/ciclovida.ufpr.br\/?p=4141\" rel=\"bookmark\">Cicloturismo: Calend\u00e1rio do Ciclovida<\/a><\/h3><a class=\"gutentor-button gutentor-post-button\"  href=\"https:\/\/ciclovida.ufpr.br\/?p=4141\" href=\"https:\/\/ciclovida.ufpr.br\/?p=4141\"><span>Leia mais<\/span><\/a><\/div><\/div><\/article><article class='gutentor-post gutentor-post-no-thumb  grid-md-4 grid-sm-4 grid-xs-12'><div class='gutentor-post-item'><div class=\"gutentor-post-content\"><h3 class=\"gutentor-post-title\"><a href=\"https:\/\/ciclovida.ufpr.br\/?p=4139\" rel=\"bookmark\">Programa Ciclovida participa do Painel RPC<\/a><\/h3><a class=\"gutentor-button gutentor-post-button\"  href=\"https:\/\/ciclovida.ufpr.br\/?p=4139\" href=\"https:\/\/ciclovida.ufpr.br\/?p=4139\"><span>Leia mais<\/span><\/a><\/div><\/div><\/article><article class='gutentor-post gutentor-post-no-thumb  grid-md-4 grid-sm-4 grid-xs-12'><div class='gutentor-post-item'><div class=\"gutentor-post-content\"><h3 class=\"gutentor-post-title\"><a href=\"https:\/\/ciclovida.ufpr.br\/?p=4128\" rel=\"bookmark\">6\u00ba Semin\u00e1rio Interno do Ciclovida<\/a><\/h3><a class=\"gutentor-button gutentor-post-button\"  href=\"https:\/\/ciclovida.ufpr.br\/?p=4128\" href=\"https:\/\/ciclovida.ufpr.br\/?p=4128\"><span>Leia mais<\/span><\/a><\/div><\/div><\/article><article class='gutentor-post gutentor-post-no-thumb  grid-md-4 grid-sm-4 grid-xs-12'><div class='gutentor-post-item'><div class=\"gutentor-post-content\"><h3 class=\"gutentor-post-title\"><a href=\"https:\/\/ciclovida.ufpr.br\/?p=4052\" rel=\"bookmark\">6\u00ba Semin\u00e1rio Interno do Programa Ciclovida<\/a><\/h3><a class=\"gutentor-button gutentor-post-button\"  href=\"https:\/\/ciclovida.ufpr.br\/?p=4052\" href=\"https:\/\/ciclovida.ufpr.br\/?p=4052\"><span>Leia mais<\/span><\/a><\/div><\/div><\/article><article class='gutentor-post gutentor-post-no-thumb  grid-md-4 grid-sm-4 grid-xs-12'><div class='gutentor-post-item'><div class=\"gutentor-post-content\"><h3 class=\"gutentor-post-title\"><a href=\"https:\/\/ciclovida.ufpr.br\/?p=4004\" rel=\"bookmark\">11\u00ba Desafio Intermodal de Curitiba | Pr\u00e9-relat\u00f3rio e fotos<\/a><\/h3><a class=\"gutentor-button gutentor-post-button\"  href=\"https:\/\/ciclovida.ufpr.br\/?p=4004\" href=\"https:\/\/ciclovida.ufpr.br\/?p=4004\"><span>Leia mais<\/span><\/a><\/div><\/div><\/article><article class='gutentor-post gutentor-post-no-thumb  grid-md-4 grid-sm-4 grid-xs-12'><div class='gutentor-post-item'><div class=\"gutentor-post-content\"><h3 class=\"gutentor-post-title\"><a href=\"https:\/\/ciclovida.ufpr.br\/?p=4000\" rel=\"bookmark\">Desafio Intermodal conta com tecnologia in\u00e9dita e acontece nessa sexta(29)<\/a><\/h3><a class=\"gutentor-button gutentor-post-button\"  href=\"https:\/\/ciclovida.ufpr.br\/?p=4000\" href=\"https:\/\/ciclovida.ufpr.br\/?p=4000\"><span>Leia mais<\/span><\/a><\/div><\/div><\/article><article class='gutentor-post gutentor-post-no-thumb  grid-md-4 grid-sm-4 grid-xs-12'><div class='gutentor-post-item'><div class=\"gutentor-post-content\"><h3 class=\"gutentor-post-title\"><a href=\"https:\/\/ciclovida.ufpr.br\/?p=3957\" rel=\"bookmark\">Desafio Intermodal de Arquitetura conta com monitoramento em tempo real e &#8220;Bike Lab&#8221;<\/a><\/h3><a class=\"gutentor-button gutentor-post-button\"  href=\"https:\/\/ciclovida.ufpr.br\/?p=3957\" href=\"https:\/\/ciclovida.ufpr.br\/?p=3957\"><span>Leia mais<\/span><\/a><\/div><\/div><\/article><article class='gutentor-post gutentor-post-no-thumb  grid-md-4 grid-sm-4 grid-xs-12'><div class='gutentor-post-item'><div class=\"gutentor-post-content\"><h3 class=\"gutentor-post-title\"><a href=\"https:\/\/ciclovida.ufpr.br\/?p=3953\" rel=\"bookmark\">Document\u00e1rio \u2018Ciclos\u2019, sobre a import\u00e2ncia do uso da bicicleta<\/a><\/h3><a class=\"gutentor-button gutentor-post-button\"  href=\"https:\/\/ciclovida.ufpr.br\/?p=3953\" href=\"https:\/\/ciclovida.ufpr.br\/?p=3953\"><span>Leia mais<\/span><\/a><\/div><\/div><\/article><article class='gutentor-post gutentor-post-no-thumb  grid-md-4 grid-sm-4 grid-xs-12'><div class='gutentor-post-item'><div class=\"gutentor-post-content\"><h3 class=\"gutentor-post-title\"><a href=\"https:\/\/ciclovida.ufpr.br\/?p=3950\" rel=\"bookmark\">\u201cCidades para bicicletas e para o futuro\u201d no I\u00ba Congresso Brasileiro da Associa\u00e7\u00e3o Nacional dos Detrans<\/a><\/h3><a class=\"gutentor-button gutentor-post-button\"  href=\"https:\/\/ciclovida.ufpr.br\/?p=3950\" href=\"https:\/\/ciclovida.ufpr.br\/?p=3950\"><span>Leia mais<\/span><\/a><\/div><\/div><\/article><article class='gutentor-post gutentor-post-no-thumb  grid-md-4 grid-sm-4 grid-xs-12'><div class='gutentor-post-item'><div class=\"gutentor-post-content\"><h3 class=\"gutentor-post-title\"><a href=\"https:\/\/ciclovida.ufpr.br\/?p=3932\" rel=\"bookmark\">5\u00ba Semin\u00e1rio Interno do Ciclovida<\/a><\/h3><a class=\"gutentor-button gutentor-post-button\"  href=\"https:\/\/ciclovida.ufpr.br\/?p=3932\" href=\"https:\/\/ciclovida.ufpr.br\/?p=3932\"><span>Leia mais<\/span><\/a><\/div><\/div><\/article><article class='gutentor-post gutentor-post-no-thumb  grid-md-4 grid-sm-4 grid-xs-12'><div class='gutentor-post-item'><div class=\"gutentor-post-content\"><h3 class=\"gutentor-post-title\"><a href=\"https:\/\/ciclovida.ufpr.br\/?p=3851\" rel=\"bookmark\">Governo empossa integrantes do Conselho de Ciclomobilidade<\/a><\/h3><a class=\"gutentor-button gutentor-post-button\"  href=\"https:\/\/ciclovida.ufpr.br\/?p=3851\" href=\"https:\/\/ciclovida.ufpr.br\/?p=3851\"><span>Leia mais<\/span><\/a><\/div><\/div><\/article><article class='gutentor-post gutentor-post-no-thumb  grid-md-4 grid-sm-4 grid-xs-12'><div class='gutentor-post-item'><div class=\"gutentor-post-content\"><h3 class=\"gutentor-post-title\"><a href=\"https:\/\/ciclovida.ufpr.br\/?p=3765\" rel=\"bookmark\">10\u00ba Desafio Intermodal de Curitiba &#8211; Pr\u00e9 Relat\u00f3rio e Galeria de fotos (abra a mat\u00e9ria)<\/a><\/h3><a class=\"gutentor-button gutentor-post-button\"  href=\"https:\/\/ciclovida.ufpr.br\/?p=3765\" href=\"https:\/\/ciclovida.ufpr.br\/?p=3765\"><span>Leia mais<\/span><\/a><\/div><\/div><\/article><article class='gutentor-post gutentor-post-no-thumb  grid-md-4 grid-sm-4 grid-xs-12'><div class='gutentor-post-item'><div class=\"gutentor-post-content\"><h3 class=\"gutentor-post-title\"><a href=\"https:\/\/ciclovida.ufpr.br\/?p=3755\" rel=\"bookmark\">Pr\u00e9-Relat\u00f3rio 10\u00ba Desafio Intermodal de Curitiba<\/a><\/h3><a class=\"gutentor-button gutentor-post-button\"  href=\"https:\/\/ciclovida.ufpr.br\/?p=3755\" href=\"https:\/\/ciclovida.ufpr.br\/?p=3755\"><span>Leia mais<\/span><\/a><\/div><\/div><\/article><article class='gutentor-post gutentor-post-no-thumb  grid-md-4 grid-sm-4 grid-xs-12'><div class='gutentor-post-item'><div class=\"gutentor-post-content\"><h3 class=\"gutentor-post-title\"><a href=\"https:\/\/ciclovida.ufpr.br\/?p=3751\" rel=\"bookmark\">10\u00ba Desafio Intermodal de Curitiba toma as ruas nessa sexta<\/a><\/h3><a class=\"gutentor-button gutentor-post-button\"  href=\"https:\/\/ciclovida.ufpr.br\/?p=3751\" href=\"https:\/\/ciclovida.ufpr.br\/?p=3751\"><span>Leia mais<\/span><\/a><\/div><\/div><\/article><article class='gutentor-post gutentor-post-no-thumb  grid-md-4 grid-sm-4 grid-xs-12'><div class='gutentor-post-item'><div class=\"gutentor-post-content\"><h3 class=\"gutentor-post-title\"><a href=\"https:\/\/ciclovida.ufpr.br\/?p=3739\" rel=\"bookmark\">&#8220;Sa\u00fade em Tr\u00e2nsito&#8221;<\/a><\/h3><a class=\"gutentor-button gutentor-post-button\"  href=\"https:\/\/ciclovida.ufpr.br\/?p=3739\" href=\"https:\/\/ciclovida.ufpr.br\/?p=3739\"><span>Leia mais<\/span><\/a><\/div><\/div><\/article><article class='gutentor-post gutentor-post-no-thumb  grid-md-4 grid-sm-4 grid-xs-12'><div class='gutentor-post-item'><div class=\"gutentor-post-content\"><h3 class=\"gutentor-post-title\"><a href=\"https:\/\/ciclovida.ufpr.br\/?p=3623\" rel=\"bookmark\">Ciclovida realiza oficina no 26\u00ba Festival de Inverno de Antonina<\/a><\/h3><a class=\"gutentor-button gutentor-post-button\"  href=\"https:\/\/ciclovida.ufpr.br\/?p=3623\" href=\"https:\/\/ciclovida.ufpr.br\/?p=3623\"><span>Leia mais<\/span><\/a><\/div><\/div><\/article><article class='gutentor-post gutentor-post-no-thumb  grid-md-4 grid-sm-4 grid-xs-12'><div class='gutentor-post-item'><div class=\"gutentor-post-content\"><h3 class=\"gutentor-post-title\"><a href=\"https:\/\/ciclovida.ufpr.br\/?p=3612\" rel=\"bookmark\">Cartaz: Descida da Graciosa para o Festival de Inverno de Antonina<\/a><\/h3><a class=\"gutentor-button gutentor-post-button\"  href=\"https:\/\/ciclovida.ufpr.br\/?p=3612\" href=\"https:\/\/ciclovida.ufpr.br\/?p=3612\"><span>Leia mais<\/span><\/a><\/div><\/div><\/article><article class='gutentor-post gutentor-post-no-thumb  grid-md-4 grid-sm-4 grid-xs-12'><div class='gutentor-post-item'><div class=\"gutentor-post-content\"><h3 class=\"gutentor-post-title\"><a href=\"https:\/\/ciclovida.ufpr.br\/?p=3610\" rel=\"bookmark\">Artigo &#8220;Diferen\u00e7as socioecon\u00f4micas e regionais na pr\u00e1tica do deslocamento ativo no Brasil&#8221;<\/a><\/h3><a class=\"gutentor-button gutentor-post-button\"  href=\"https:\/\/ciclovida.ufpr.br\/?p=3610\" href=\"https:\/\/ciclovida.ufpr.br\/?p=3610\"><span>Leia mais<\/span><\/a><\/div><\/div><\/article><article class='gutentor-post gutentor-post-no-thumb  grid-md-4 grid-sm-4 grid-xs-12'><div class='gutentor-post-item'><div class=\"gutentor-post-content\"><h3 class=\"gutentor-post-title\"><a href=\"https:\/\/ciclovida.ufpr.br\/?p=3603\" rel=\"bookmark\">Inscri\u00e7\u00f5es abertas para o Festival de Inverno da UFPR<\/a><\/h3><a class=\"gutentor-button gutentor-post-button\"  href=\"https:\/\/ciclovida.ufpr.br\/?p=3603\" href=\"https:\/\/ciclovida.ufpr.br\/?p=3603\"><span>Leia mais<\/span><\/a><\/div><\/div><\/article><article class='gutentor-post gutentor-post-no-thumb  grid-md-4 grid-sm-4 grid-xs-12'><div class='gutentor-post-item'><div class=\"gutentor-post-content\"><h3 class=\"gutentor-post-title\"><a href=\"https:\/\/ciclovida.ufpr.br\/?p=3566\" rel=\"bookmark\">Estr\u00e9ia a via calma da Av. Jo\u00e3o Gualberto<\/a><\/h3><a class=\"gutentor-button gutentor-post-button\"  href=\"https:\/\/ciclovida.ufpr.br\/?p=3566\" href=\"https:\/\/ciclovida.ufpr.br\/?p=3566\"><span>Leia mais<\/span><\/a><\/div><\/div><\/article><article class='gutentor-post gutentor-post-no-thumb  grid-md-4 grid-sm-4 grid-xs-12'><div class='gutentor-post-item'><div class=\"gutentor-post-content\"><h3 class=\"gutentor-post-title\"><a href=\"https:\/\/ciclovida.ufpr.br\/?p=3537\" rel=\"bookmark\">Passeio Ciclotur\u00edstico na Represa do Ira\u00ed<\/a><\/h3><a class=\"gutentor-button gutentor-post-button\"  href=\"https:\/\/ciclovida.ufpr.br\/?p=3537\" href=\"https:\/\/ciclovida.ufpr.br\/?p=3537\"><span>Leia mais<\/span><\/a><\/div><\/div><\/article><article class='gutentor-post gutentor-post-no-thumb  grid-md-4 grid-sm-4 grid-xs-12'><div class='gutentor-post-item'><div class=\"gutentor-post-content\"><h3 class=\"gutentor-post-title\"><a href=\"https:\/\/ciclovida.ufpr.br\/?p=3533\" rel=\"bookmark\">Come\u00e7a o calend\u00e1rio de Cicloturismo de 2016<\/a><\/h3><a class=\"gutentor-button gutentor-post-button\"  href=\"https:\/\/ciclovida.ufpr.br\/?p=3533\" href=\"https:\/\/ciclovida.ufpr.br\/?p=3533\"><span>Leia mais<\/span><\/a><\/div><\/div><\/article><article class='gutentor-post gutentor-post-no-thumb  grid-md-4 grid-sm-4 grid-xs-12'><div class='gutentor-post-item'><div class=\"gutentor-post-content\"><h3 class=\"gutentor-post-title\"><a href=\"https:\/\/ciclovida.ufpr.br\/?p=3525\" rel=\"bookmark\">Oslo, na Noruega, ser\u00e1 a primeira capital do mundo a proibir totalmente o uso de carros nas ruas<\/a><\/h3><a class=\"gutentor-button gutentor-post-button\"  href=\"https:\/\/ciclovida.ufpr.br\/?p=3525\" href=\"https:\/\/ciclovida.ufpr.br\/?p=3525\"><span>Leia mais<\/span><\/a><\/div><\/div><\/article><article class='gutentor-post gutentor-post-no-thumb  grid-md-4 grid-sm-4 grid-xs-12'><div class='gutentor-post-item'><div class=\"gutentor-post-content\"><h3 class=\"gutentor-post-title\"><a href=\"https:\/\/ciclovida.ufpr.br\/?p=3464\" rel=\"bookmark\">4\u00ba Semin\u00e1rio Interno do Programa Ciclovida<\/a><\/h3><a class=\"gutentor-button gutentor-post-button\"  href=\"https:\/\/ciclovida.ufpr.br\/?p=3464\" href=\"https:\/\/ciclovida.ufpr.br\/?p=3464\"><span>Leia mais<\/span><\/a><\/div><\/div><\/article><article class='gutentor-post gutentor-post-no-thumb  grid-md-4 grid-sm-4 grid-xs-12'><div class='gutentor-post-item'><div class=\"gutentor-post-content\"><h3 class=\"gutentor-post-title\"><a href=\"https:\/\/ciclovida.ufpr.br\/?p=3443\" rel=\"bookmark\">Livro &#8220;A Cidade em Equil\u00edbrio&#8221; \u00e9 lan\u00e7ado<\/a><\/h3><a class=\"gutentor-button gutentor-post-button\"  href=\"https:\/\/ciclovida.ufpr.br\/?p=3443\" href=\"https:\/\/ciclovida.ufpr.br\/?p=3443\"><span>Leia mais<\/span><\/a><\/div><\/div><\/article><article class='gutentor-post gutentor-post-no-thumb  grid-md-4 grid-sm-4 grid-xs-12'><div class='gutentor-post-item'><div class=\"gutentor-post-content\"><h3 class=\"gutentor-post-title\"><a href=\"https:\/\/ciclovida.ufpr.br\/?p=3435\" rel=\"bookmark\">Amsterdam \u00e9 aqui: nove cidades brasileiras com alto uso de bicicleta<\/a><\/h3><a class=\"gutentor-button gutentor-post-button\"  href=\"https:\/\/ciclovida.ufpr.br\/?p=3435\" href=\"https:\/\/ciclovida.ufpr.br\/?p=3435\"><span>Leia mais<\/span><\/a><\/div><\/div><\/article><article class='gutentor-post gutentor-post-no-thumb  grid-md-4 grid-sm-4 grid-xs-12'><div class='gutentor-post-item'><div class=\"gutentor-post-content\"><h3 class=\"gutentor-post-title\"><a href=\"https:\/\/ciclovida.ufpr.br\/?p=3430\" rel=\"bookmark\">Exposi\u00e7\u00e3o de Bikes no Shopping S\u00e3o Jos\u00e9 dos Pinhais<\/a><\/h3><a class=\"gutentor-button gutentor-post-button\"  href=\"https:\/\/ciclovida.ufpr.br\/?p=3430\" href=\"https:\/\/ciclovida.ufpr.br\/?p=3430\"><span>Leia mais<\/span><\/a><\/div><\/div><\/article><article class='gutentor-post gutentor-post-no-thumb  grid-md-4 grid-sm-4 grid-xs-12'><div class='gutentor-post-item'><div class=\"gutentor-post-content\"><h3 class=\"gutentor-post-title\"><a href=\"https:\/\/ciclovida.ufpr.br\/?p=3417\" rel=\"bookmark\">Passeio Cicl\u00edstico de Comemora\u00e7\u00e3o dos 10 anos da UTFPR e 106 anos da Institui\u00e7\u00e3o &#8211; 03\/10<\/a><\/h3><a class=\"gutentor-button gutentor-post-button\"  href=\"https:\/\/ciclovida.ufpr.br\/?p=3417\" href=\"https:\/\/ciclovida.ufpr.br\/?p=3417\"><span>Leia mais<\/span><\/a><\/div><\/div><\/article><article class='gutentor-post gutentor-post-no-thumb  grid-md-4 grid-sm-4 grid-xs-12'><div class='gutentor-post-item'><div class=\"gutentor-post-content\"><h3 class=\"gutentor-post-title\"><a href=\"https:\/\/ciclovida.ufpr.br\/?p=3412\" rel=\"bookmark\">Minist\u00e9rio das Cidades lan\u00e7a &#8220;Cartilha do ciclista&#8221;<\/a><\/h3><a class=\"gutentor-button gutentor-post-button\"  href=\"https:\/\/ciclovida.ufpr.br\/?p=3412\" href=\"https:\/\/ciclovida.ufpr.br\/?p=3412\"><span>Leia mais<\/span><\/a><\/div><\/div><\/article><article class='gutentor-post gutentor-post-no-thumb  grid-md-4 grid-sm-4 grid-xs-12'><div class='gutentor-post-item'><div class=\"gutentor-post-content\"><h3 class=\"gutentor-post-title\"><a href=\"https:\/\/ciclovida.ufpr.br\/?p=3274\" rel=\"bookmark\">Bicicleta \u00e9 vencedora do 9\u00ba Desafio Intermodal<\/a><\/h3><a class=\"gutentor-button gutentor-post-button\"  href=\"https:\/\/ciclovida.ufpr.br\/?p=3274\" href=\"https:\/\/ciclovida.ufpr.br\/?p=3274\"><span>Leia mais<\/span><\/a><\/div><\/div><\/article><article class='gutentor-post gutentor-post-no-thumb  grid-md-4 grid-sm-4 grid-xs-12'><div class='gutentor-post-item'><div class=\"gutentor-post-content\"><h3 class=\"gutentor-post-title\"><a href=\"https:\/\/ciclovida.ufpr.br\/?p=3270\" rel=\"bookmark\">UFPR assina coopera\u00e7\u00e3o com institui\u00e7\u00f5es holandesas para aumentar potencial de ciclomobilidade de Curitiba<\/a><\/h3><a class=\"gutentor-button gutentor-post-button\"  href=\"https:\/\/ciclovida.ufpr.br\/?p=3270\" href=\"https:\/\/ciclovida.ufpr.br\/?p=3270\"><span>Leia mais<\/span><\/a><\/div><\/div><\/article><article class='gutentor-post gutentor-post-no-thumb  grid-md-4 grid-sm-4 grid-xs-12'><div class='gutentor-post-item'><div class=\"gutentor-post-content\"><h3 class=\"gutentor-post-title\"><a href=\"https:\/\/ciclovida.ufpr.br\/?p=3264\" rel=\"bookmark\">Livro relata viagem de casal de bike pelo sul da Fran\u00e7a<\/a><\/h3><a class=\"gutentor-button gutentor-post-button\"  href=\"https:\/\/ciclovida.ufpr.br\/?p=3264\" href=\"https:\/\/ciclovida.ufpr.br\/?p=3264\"><span>Leia mais<\/span><\/a><\/div><\/div><\/article><article class='gutentor-post gutentor-post-no-thumb  grid-md-4 grid-sm-4 grid-xs-12'><div class='gutentor-post-item'><div class=\"gutentor-post-content\"><h3 class=\"gutentor-post-title\"><a href=\"https:\/\/ciclovida.ufpr.br\/?p=3261\" rel=\"bookmark\">CONVITE &#8211; 3\u00ba Ciclo de Palestras para a Revis\u00e3o do Plano Diretor 2016 &#8211; O Uso da Bicicleta nas Cidades\u200f<\/a><\/h3><a class=\"gutentor-button gutentor-post-button\"  href=\"https:\/\/ciclovida.ufpr.br\/?p=3261\" href=\"https:\/\/ciclovida.ufpr.br\/?p=3261\"><span>Leia mais<\/span><\/a><\/div><\/div><\/article><article class='gutentor-post gutentor-post-no-thumb  grid-md-4 grid-sm-4 grid-xs-12'><div class='gutentor-post-item'><div class=\"gutentor-post-content\"><h3 class=\"gutentor-post-title\"><a href=\"https:\/\/ciclovida.ufpr.br\/?p=3252\" rel=\"bookmark\">Convite para apresenta\u00e7\u00e3o de mestrado &#8220;Programa Ciclovida como pol\u00edtica de mobilidade urbana sustent\u00e1vel&#8221;<\/a><\/h3><a class=\"gutentor-button gutentor-post-button\"  href=\"https:\/\/ciclovida.ufpr.br\/?p=3252\" href=\"https:\/\/ciclovida.ufpr.br\/?p=3252\"><span>Leia mais<\/span><\/a><\/div><\/div><\/article><article class='gutentor-post gutentor-post-no-thumb  grid-md-4 grid-sm-4 grid-xs-12'><div class='gutentor-post-item'><div class=\"gutentor-post-content\"><h3 class=\"gutentor-post-title\"><a href=\"https:\/\/ciclovida.ufpr.br\/?p=3239\" rel=\"bookmark\">&#8220;Mais que um Le\u00e3o por Dia&#8221; narra a pedalada de 12 mil km de um brasileiro na \u00c1frica<\/a><\/h3><a class=\"gutentor-button gutentor-post-button\"  href=\"https:\/\/ciclovida.ufpr.br\/?p=3239\" href=\"https:\/\/ciclovida.ufpr.br\/?p=3239\"><span>Leia mais<\/span><\/a><\/div><\/div><\/article><article class='gutentor-post gutentor-post-no-thumb  grid-md-4 grid-sm-4 grid-xs-12'><div class='gutentor-post-item'><div class=\"gutentor-post-content\"><h3 class=\"gutentor-post-title\"><a href=\"https:\/\/ciclovida.ufpr.br\/?p=3235\" rel=\"bookmark\">Paris pretende se tornar a nova capital mundial do ciclismo urbano<\/a><\/h3><a class=\"gutentor-button gutentor-post-button\"  href=\"https:\/\/ciclovida.ufpr.br\/?p=3235\" href=\"https:\/\/ciclovida.ufpr.br\/?p=3235\"><span>Leia mais<\/span><\/a><\/div><\/div><\/article><article class='gutentor-post gutentor-post-no-thumb  grid-md-4 grid-sm-4 grid-xs-12'><div class='gutentor-post-item'><div class=\"gutentor-post-content\"><h3 class=\"gutentor-post-title\"><a href=\"https:\/\/ciclovida.ufpr.br\/?p=3259\" rel=\"bookmark\">Projeto de ciclovia entre Antonina e Morretes \u00e9 apresentado a participantes da Oficina Uso da Bicicleta do 25\u00ba Festival de Inverno<\/a><\/h3><a class=\"gutentor-button gutentor-post-button\"  href=\"https:\/\/ciclovida.ufpr.br\/?p=3259\" href=\"https:\/\/ciclovida.ufpr.br\/?p=3259\"><span>Leia mais<\/span><\/a><\/div><\/div><\/article><\/div><\/div><\/section>\n\n\n<footer class=\"wp-block-uagb-section uagb-section__wrap uagb-section__background-color uagb-block-0b84a30a\"><div class=\"uagb-section__overlay\"><\/div><div class=\"uagb-section__inner-wrap\">\n<div id=\"section-g929e5a\" class=\"wp-block-gutentor-e0 section-g929e5a gutentor-element gutentor-element-advanced-text\"><div class=\"gutentor-text-wrap\"><p class=\"gutentor-text\"><strong>Realiza\u00e7\u00e3o<\/strong><\/p><\/div><\/div>\n\n\n\n<footer class=\"wp-block-uagb-columns uagb-columns__wrap uagb-columns__background-undefined uagb-columns__stack-mobile uagb-columns__valign-undefined uagb-columns__gap-10 alignundefined uagb-block-52da6e7d\"><div class=\"uagb-columns__overlay\"><\/div><div class=\"uagb-columns__inner-wrap uagb-columns__columns-2\">\n<div class=\"wp-block-uagb-column uagb-column__wrap uagb-column__background-undefined uagb-block-ad9ced67\"><div class=\"uagb-column__overlay\"><\/div><div class=\"uagb-column__inner-wrap\">\n<div id=\"section-g2637d5\" class=\"wp-block-gutentor-e6 section-g2637d5 gutentor-element gutentor-element-image\"><div class=\"gutentor-element-image-box\"><div class=\"gutentor-image-thumb\"><img decoding=\"async\" class=\"normal-image\" src=\"https:\/\/ciclovida.ufpr.br\/wp-content\/uploads\/2020\/10\/marca_UFPR_cor-1.png\"\/><\/div><\/div><\/div>\n<\/div><\/div>\n\n\n\n<div class=\"wp-block-uagb-column uagb-column__wrap uagb-column__background-undefined uagb-block-e8eb95d6\"><div class=\"uagb-column__overlay\"><\/div><div class=\"uagb-column__inner-wrap\">\n<div id=\"section-gc4f285\" class=\"wp-block-gutentor-e6 section-gc4f285 gutentor-element gutentor-element-image\"><div class=\"gutentor-element-image-box\"><div class=\"gutentor-image-thumb\"><img decoding=\"async\" class=\"normal-image\" src=\"https:\/\/ciclovida.ufpr.br\/wp-content\/uploads\/2020\/12\/marca-refinada-para-uso-1.png\"\/><\/div><\/div><\/div>\n<\/div><\/div>\n<\/div><\/footer>\n\n\n\n<p><\/p>\n<\/div><\/footer>\n\n\n\n<footer class=\"wp-block-uagb-section uagb-section__wrap uagb-section__background-color uagb-block-90fa3fd1\"><div class=\"uagb-section__overlay\"><\/div><div class=\"uagb-section__inner-wrap\">\n<section id=\"gmd9f7fe8\" class=\"wp-block-gutentor-m4 section-gmd9f7fe8 gutentor-module gutentor-advanced-columns g-c-r-valign-mobile g-c-r-valign-tablet g-valign-t-desktop\"><div class=\"grid-container gutentor-rm-ct-space-d\"><div class=\"grid-row gutentor-rm-row-space-d\">\n<div id=\"col-gm9acb32\" class=\"wp-block-gutentor-m4-col col-gm9acb32 gutentor-single-column  grid-lg-10 grid-md-12 grid-12 gutentor-rm-col-space-d\"><div id=\"section-gm9acb32\" class=\"section-gm9acb32 gutentor-col-wrap\">\n<div id=\"section-g0db189\" class=\"wp-block-gutentor-e1 section-g0db189 gutentor-element gutentor-element-advanced-text\"><div class=\"gutentor-text-wrap\"><p class=\"gutentor-text\">Redes sociais<\/p><\/div><\/div>\n<\/div><\/div>\n\n\n\n<div id=\"col-gmc260e9\" class=\"wp-block-gutentor-m4-col col-gmc260e9 gutentor-single-column  grid-lg-2 grid-md-12 grid-12 gutentor-rm-col-space-d\"><div id=\"section-gmc260e9\" class=\"section-gmc260e9 gutentor-col-wrap\">\n<div id=\"section-g5be0fd\" class=\"wp-block-gutentor-e1 section-g5be0fd gutentor-element gutentor-element-advanced-text text-align-center-desktop\"><div class=\"gutentor-text-wrap\"><p class=\"gutentor-text\">Contato<\/p><\/div><\/div>\n<\/div><\/div>\n<\/div><\/div><\/section>\n\n\n\n<section id=\"gm89c2462\" class=\"wp-block-gutentor-m4 section-gm89c2462 gutentor-module gutentor-advanced-columns g-c-r-valign-mobile g-c-r-valign-tablet g-valign-t-desktop gutentor-enable-sticky-column\" data-top=\"0\" data-bottom=\"04\"><div class=\"grid-container gutentor-rm-ct-space-d\"><div class=\"grid-row gutentor-rm-row-space-d\">\n<div id=\"col-gm90aa23\" class=\"wp-block-gutentor-m4-col col-gm90aa23 gutentor-single-column  grid-lg-2.4 grid-md-12 grid-12 gutentor-rm-col-space-d\"><div id=\"section-gm90aa23\" class=\"section-gm90aa23 gutentor-col-wrap\">\n<div id=\"section-gc30a54\" class=\"wp-block-gutentor-e5 section-gc30a54 gutentor-element gutentor-element-icon gutentor-icon-default\"><a class=\"gutentor-element-icon-link\" href=\"https:\/\/www.instagram.com\/programaciclovidaufpr\/\" target=\"_blank\" rel=\"noopener noreferrer\"><div class=\"gutentor-element-icon-box\"><i class=\"fab fa-instagram\"><\/i><\/div><\/a><\/div>\n<\/div><\/div>\n\n\n\n<div id=\"col-gm655ba0\" class=\"wp-block-gutentor-m4-col col-gm655ba0 gutentor-single-column  grid-lg-2.4 grid-md-12 grid-12 gutentor-rm-col-space-d\"><div id=\"section-gm655ba0\" class=\"section-gm655ba0 gutentor-col-wrap\">\n<div id=\"section-g99df57\" class=\"wp-block-gutentor-e5 section-g99df57 gutentor-element gutentor-element-icon gutentor-icon-default\"><a class=\"gutentor-element-icon-link\" href=\"https:\/\/www.facebook.com\/programaciclovidaufpr\" target=\"_blank\" rel=\"noopener noreferrer\"><div class=\"gutentor-element-icon-box\"><i class=\"fab fa-facebook-square\"><\/i><\/div><\/a><\/div>\n<\/div><\/div>\n\n\n\n<div id=\"col-gma64455\" class=\"wp-block-gutentor-m4-col col-gma64455 gutentor-single-column  grid-lg-2.4 grid-md-12 grid-12 gutentor-rm-col-space-d\"><div id=\"section-gma64455\" class=\"section-gma64455 gutentor-col-wrap\">\n<div id=\"section-g9a97f1\" class=\"wp-block-gutentor-e5 section-g9a97f1 gutentor-element gutentor-element-icon gutentor-icon-default\"><a class=\"gutentor-element-icon-link\" href=\"https:\/\/www.youtube.com\/channel\/UC07NVgp9CQgI1lC0HS8tVJw\" target=\"_blank\" rel=\"noopener noreferrer\"><div class=\"gutentor-element-icon-box\"><i class=\"fab fa-youtube\"><\/i><\/div><\/a><\/div>\n<\/div><\/div>\n\n\n\n<div id=\"col-gm0ad5e2\" class=\"wp-block-gutentor-m4-col col-gm0ad5e2 gutentor-single-column  grid-lg-2.4 grid-md-12 grid-12 gutentor-rm-col-space-d\"><div id=\"section-gm0ad5e2\" class=\"section-gm0ad5e2 gutentor-col-wrap\"><\/div><\/div>\n\n\n\n<div id=\"col-gma42d51\" class=\"wp-block-gutentor-m4-col col-gma42d51 gutentor-single-column  grid-lg-2.4 grid-md-12 grid-12 gutentor-rm-col-space-d\"><div id=\"section-gma42d51\" class=\"section-gma42d51 gutentor-col-wrap\">\n<div id=\"section-gcbc588\" class=\"wp-block-gutentor-e1 section-gcbc588 gutentor-element gutentor-element-advanced-text text-align-center-desktop\"><div class=\"gutentor-text-wrap\"><p class=\"gutentor-text\">Avenida Coronel Francisco H. dos Santos, 100 \u2013 Jardim das Am\u00e9ricas &#8211; Curitiba &#8211; PR<br>Email: ciclovida@ufpr.br<\/p><\/div><\/div>\n<\/div><\/div>\n<\/div><\/div><\/section>\n\n\n\n<p><\/p>\n<\/div><\/footer>\n\n\n\n<p><\/p>\n","protected":false},"excerpt":{"rendered":"","protected":false},"author":110,"featured_media":4414,"parent":4379,"menu_order":0,"comment_status":"closed","ping_status":"closed","template":"template-gutentor-full-width.php","meta":{"_uag_custom_page_level_css":"","ngg_post_thumbnail":0,"footnotes":""},"class_list":["post-5221","page","type-page","status-publish","has-post-thumbnail","hentry"],"featured_image_src":"https:\/\/ciclovida.ufpr.br\/wp-content\/uploads\/2020\/10\/rec19022.png","featured_image_src_square":"https:\/\/ciclovida.ufpr.br\/wp-content\/uploads\/2020\/10\/rec19022.png","rbea_author_info":{"display_name":"Let\u00edcia Paiva","author_link":"https:\/\/ciclovida.ufpr.br\/?author=110"},"rbea_excerpt_info":null,"uagb_featured_image_src":{"full":["https:\/\/ciclovida.ufpr.br\/wp-content\/uploads\/2020\/10\/rec19022.png",685,685,false],"thumbnail":["https:\/\/ciclovida.ufpr.br\/wp-content\/uploads\/2020\/10\/rec19022-100x100.png",100,100,true],"medium":["https:\/\/ciclovida.ufpr.br\/wp-content\/uploads\/2020\/10\/rec19022-300x300.png",300,300,true],"medium_large":["https:\/\/ciclovida.ufpr.br\/wp-content\/uploads\/2020\/10\/rec19022.png",580,580,false],"large":["https:\/\/ciclovida.ufpr.br\/wp-content\/uploads\/2020\/10\/rec19022.png",580,580,false],"1536x1536":["https:\/\/ciclovida.ufpr.br\/wp-content\/uploads\/2020\/10\/rec19022.png",685,685,false],"2048x2048":["https:\/\/ciclovida.ufpr.br\/wp-content\/uploads\/2020\/10\/rec19022.png",685,685,false],"post-thumbnail":["https:\/\/ciclovida.ufpr.br\/wp-content\/uploads\/2020\/10\/rec19022.png",685,685,false],"twentytwenty-fullscreen":["https:\/\/ciclovida.ufpr.br\/wp-content\/uploads\/2020\/10\/rec19022.png",685,685,false]},"uagb_author_info":{"display_name":"Let\u00edcia Paiva","author_link":"https:\/\/ciclovida.ufpr.br\/?author=110"},"uagb_comment_info":0,"uagb_excerpt":null,"wps_subtitle":"","_links":{"self":[{"href":"https:\/\/ciclovida.ufpr.br\/index.php?rest_route=\/wp\/v2\/pages\/5221","targetHints":{"allow":["GET"]}}],"collection":[{"href":"https:\/\/ciclovida.ufpr.br\/index.php?rest_route=\/wp\/v2\/pages"}],"about":[{"href":"https:\/\/ciclovida.ufpr.br\/index.php?rest_route=\/wp\/v2\/types\/page"}],"author":[{"embeddable":true,"href":"https:\/\/ciclovida.ufpr.br\/index.php?rest_route=\/wp\/v2\/users\/110"}],"replies":[{"embeddable":true,"href":"https:\/\/ciclovida.ufpr.br\/index.php?rest_route=%2Fwp%2Fv2%2Fcomments&post=5221"}],"version-history":[{"count":40,"href":"https:\/\/ciclovida.ufpr.br\/index.php?rest_route=\/wp\/v2\/pages\/5221\/revisions"}],"predecessor-version":[{"id":5318,"href":"https:\/\/ciclovida.ufpr.br\/index.php?rest_route=\/wp\/v2\/pages\/5221\/revisions\/5318"}],"up":[{"embeddable":true,"href":"https:\/\/ciclovida.ufpr.br\/index.php?rest_route=\/wp\/v2\/pages\/4379"}],"wp:featuredmedia":[{"embeddable":true,"href":"https:\/\/ciclovida.ufpr.br\/index.php?rest_route=\/wp\/v2\/media\/4414"}],"wp:attachment":[{"href":"https:\/\/ciclovida.ufpr.br\/index.php?rest_route=%2Fwp%2Fv2%2Fmedia&parent=5221"}],"curies":[{"name":"wp","href":"https:\/\/api.w.org\/{rel}","templated":true}]}}